{"id":8532,"date":"2023-11-04T10:16:55","date_gmt":"2023-11-04T09:16:55","guid":{"rendered":"https:\/\/berdoalutechnic.hu\/?page_id=8532"},"modified":"2024-08-03T16:17:16","modified_gmt":"2024-08-03T14:17:16","slug":"sisteme-de-umbrire-veranda","status":"publish","type":"page","link":"https:\/\/berdoalutechnic.hu\/ro\/produse-finite\/produse\/sisteme-de-umbrire-exterioare\/sisteme-de-umbrire-veranda\/","title":{"rendered":"Sisteme de umbrire verand\u0103"},"content":{"rendered":"<div class='clear'><\/div><div id='sub_menu1'  class='av-submenu-container av-150f8ae-8ce37a34558db01139d5a6380581fd2a main_color  avia-builder-el-0  el_before_av_slideshow_full  avia-builder-el-first  av-sticky-submenu container_wrap fullsize' style='z-index:301' ><div class='container av-menu-mobile-disabled av-submenu-pos-center'><ul id=\"menu-kesztermekmenu-roman\" class=\"av-subnav-menu\"><li role=\"menuitem\" id=\"menu-item-8701\" class=\"menu-item menu-item-type-post_type menu-item-object-page menu-item-top-level menu-item-top-level-1\"><a href=\"https:\/\/berdoalutechnic.hu\/ro\/produse-finite\/produse\/\" itemprop=\"url\" tabindex=\"0\"><span class=\"avia-bullet\"><\/span><span class=\"avia-menu-text\">Produse<\/span><span class=\"avia-menu-fx\"><span class=\"avia-arrow-wrap\"><span class=\"avia-arrow\"><\/span><\/span><\/span><\/a><\/li>\n<li role=\"menuitem\" id=\"menu-item-8702\" class=\"menu-item menu-item-type-post_type menu-item-object-page menu-item-top-level menu-item-top-level-2\"><a href=\"https:\/\/berdoalutechnic.hu\/ro\/produse-finite\/descarcare\/\" itemprop=\"url\" tabindex=\"0\"><span class=\"avia-bullet\"><\/span><span class=\"avia-menu-text\">Desc\u0103rcare<\/span><span class=\"avia-menu-fx\"><span class=\"avia-arrow-wrap\"><span class=\"avia-arrow\"><\/span><\/span><\/span><\/a><\/li>\n<li role=\"menuitem\" id=\"menu-item-8703\" class=\"menu-item menu-item-type-post_type menu-item-object-page menu-item-top-level menu-item-top-level-3\"><a href=\"https:\/\/berdoalutechnic.hu\/ro\/produse-finite\/informatii\/\" itemprop=\"url\" tabindex=\"0\"><span class=\"avia-bullet\"><\/span><span class=\"avia-menu-text\">Informa\u021bii<\/span><span class=\"avia-menu-fx\"><span class=\"avia-arrow-wrap\"><span class=\"avia-arrow\"><\/span><\/span><\/span><\/a><\/li>\n<li role=\"menuitem\" id=\"menu-item-8704\" class=\"menu-item menu-item-type-post_type menu-item-object-page menu-item-top-level menu-item-top-level-4\"><a href=\"https:\/\/berdoalutechnic.hu\/ro\/produse-finite\/galerie\/\" itemprop=\"url\" tabindex=\"0\"><span class=\"avia-bullet\"><\/span><span class=\"avia-menu-text\">Galerie<\/span><span class=\"avia-menu-fx\"><span class=\"avia-arrow-wrap\"><span class=\"avia-arrow\"><\/span><\/span><\/span><\/a><\/li>\n<li role=\"menuitem\" id=\"menu-item-8705\" class=\"menu-item menu-item-type-post_type menu-item-object-page menu-item-top-level menu-item-top-level-5\"><a href=\"https:\/\/berdoalutechnic.hu\/ro\/produse-finite\/contact\/\" itemprop=\"url\" tabindex=\"0\"><span class=\"avia-bullet\"><\/span><span class=\"avia-menu-text\">Contact<\/span><span class=\"avia-menu-fx\"><span class=\"avia-arrow-wrap\"><span class=\"avia-arrow\"><\/span><\/span><\/span><\/a><\/li>\n<\/ul><\/div><\/div><div class='sticky_placeholder'><\/div>\n<div id='full_slider_1'  class='avia-fullwidth-slider main_color avia-shadow   avia-builder-el-1  el_after_av_submenu  el_before_av_section   slider-not-first container_wrap fullsize'  ><div  class='avia-slideshow av-lp53xmds-a05a503f032c59f74f0cadd6459c50f5 avia-slideshow-featured av_slideshow_full avia-slide-slider av-slideshow-ui av-control-default av-slideshow-manual av-loop-once av-loop-manual-endless av-default-height-applied   avia-slideshow-1' data-slideshow-options=\"{&quot;animation&quot;:&quot;slide&quot;,&quot;autoplay&quot;:false,&quot;loop_autoplay&quot;:&quot;once&quot;,&quot;interval&quot;:5,&quot;loop_manual&quot;:&quot;manual-endless&quot;,&quot;autoplay_stopper&quot;:false,&quot;noNavigation&quot;:false,&quot;bg_slider&quot;:false,&quot;keep_padding&quot;:false,&quot;hoverpause&quot;:false,&quot;show_slide_delay&quot;:0}\"  itemprop=\"image\" itemscope=\"itemscope\" itemtype=\"https:\/\/schema.org\/ImageObject\" ><ul class='avia-slideshow-inner ' style='padding-bottom: 31.594415870683%;'><li  class='avia-slideshow-slide av-lp53xmds-a05a503f032c59f74f0cadd6459c50f5__0  av-single-slide slide-1 slide-odd'><div data-rel='slideshow-1' class='avia-slide-wrap '   ><div class='av-slideshow-caption av-lp53xmds-a05a503f032c59f74f0cadd6459c50f5__0 caption_fullwidth caption_center caption_center_framed caption_framed'><div class=\"container caption_container\"><div class=\"slideshow_caption\"><div class=\"slideshow_inner_caption\"><div class=\"slideshow_align_caption\"><h2 class='avia-caption-title '  itemprop=\"name\" >Sisteme de umbrire verand\u0103<\/h2><\/div><\/div><\/div><\/div><\/div><img decoding=\"async\" class=\"wp-image-6696 avia-img-lazy-loading-not-6696\"  src=\"https:\/\/berdoalutechnic.hu\/wp-content\/uploads\/Vranda_fokep-1361x430.jpg\" width=\"1361\" height=\"430\" title='Vranda_fokep' alt=''  itemprop=\"thumbnailUrl\"   \/><\/div><\/li><\/ul><\/div><\/div>\n<div id='av_section_1'  class='avia-section av-yzp8di-fba687aa3ed740a53e19dd8b3f280385 main_color avia-section-default avia-no-border-styling  avia-builder-el-2  el_after_av_slideshow_full  el_before_av_section  avia-bg-style-scroll container_wrap fullsize'  ><div class='container av-section-cont-open' ><div class='template-page content  av-content-full alpha units'><div class='post-entry post-entry-type-page post-entry-8532'><div class='entry-content-wrapper clearfix'>\n<div  class='flex_column av-xphkee-45bba05242d491f6c93c20281c1136b6 av_one_full  avia-builder-el-3  avia-builder-el-no-sibling  first flex_column_div  '     ><section  class='av_textblock_section av-usdhjq-c3687d70486c44613e3e6b955a7402d3 '   itemscope=\"itemscope\" itemtype=\"https:\/\/schema.org\/CreativeWork\" ><div class='avia_textblock'  itemprop=\"text\" ><p>Sistemul de umbrire verand\u0103 este o alegere popular\u0103 pentru umbrirea teraselor caselor familiale, a suprafe\u021belor de sticl\u0103 ale serelor \u0219i a altor structuri de acoperi\u0219. Datorit\u0103 carcasei puternice din aluminiu extrudat \u0219i \u0219inei de rulare, este potrivit\u0103 \u0219i pentru zonele mai pu\u021bin protejate de v\u00e2nt. Diferitele sale tipuri permit adaptarea flexibil\u0103 la nevoile dumneavoastr\u0103 \u0219i cerin\u021bele de instalare. Dac\u0103 este necesar, sau \u00een cazul structurilor de pere\u021bi mai slabe, pute\u021bi alege un sistem \u00eent\u0103rit cu picioare sau consol\u0103 pe picioare independente.<\/p>\n<p>Ele sunt ac\u021bionate exclusiv cu un motor electric, deoarece de obicei sunt amplasate la nivelul suprafe\u021belor acoperi\u0219ului. Comenzile senzorilor meteorologici pot fi comandate \u0219i pentru sistemele electrice. \u00cen ceea ce prive\u0219te mecanismul de ac\u021bionare, oferim o solu\u021bie cu \u0219nur metalic.<\/p>\n<p><strong>Materiale textile<\/strong>:<\/p>\n<p>Alegerea copertinei pentru verand\u0103 este important pentru estetica produsului. \u00cen cazul nuan\u021belor de ser\u0103, cel mai des se folosesc textilele monocolore din catalog, \u00eens\u0103 orice alt\u0103 culoare poate fi aleas\u0103 \u00een aceea\u0219i categorie de pre\u021b.<\/p>\n<p>Echipamente suplimentare disponibile la comanda:<\/p>\n<ul>\n<li>senzor de v\u00e2nt<\/li>\n<li>senzor de lumin\u0103<\/li>\n<li>senzor de ploaie<\/li>\n<\/ul>\n<p><strong>Motoare \u0219i ac\u021bion\u0103ri<\/strong><\/p>\n<p>Utilizarea jaluzelelor automate face operarea mult mai convenabil\u0103. Datorit\u0103 diferitelor func\u021bii inteligente, nu trebuie s\u0103 v\u0103 face\u021bi griji chiar dac\u0103 sunte\u021bi departe de cas\u0103, deoarece automatizarea se ocup\u0103 de optimizarea unghiului de \u00eenclinare.<\/p>\n<p>Garan\u021bie de \u00eenalt\u0103 calitate \u0219i confort<\/p>\n<p><a href=\"https:\/\/www.somfy.hu\/termekek\/napellenzok-es-pergolakVez\u00e9rl\u00e9sek\" target=\"_blank\" rel=\"noopener\">Motoare Somfy<\/a><\/p>\n<p>Solu\u021bii inteligente pentru casa ta.<\/p>\n<p><a href=\"https:\/\/www.fibaro.com\/hu\/\" target=\"_blank\" rel=\"noopener\">Solu\u021bii Fibaro<\/a><\/p>\n<p><a href=\"https:\/\/www.somfy.hu\/termekek\/okoskoezpontok-es-taviranyitok\" target=\"_blank\" rel=\"noopener\">Solu\u021bii Somfy<\/a><\/p>\n<\/div><\/section><\/div><\/div><\/div><\/div><!-- close content main div --><\/div><\/div>\n<style type=\"text\/css\" data-created_by=\"avia_inline_auto\" id=\"style-css-av-av_section-b65eed151f6a53e4fd7b9b1c75020f26\">\n.avia-section.av-av_section-b65eed151f6a53e4fd7b9b1c75020f26{\nbackground-color:#033a7d;\nbackground-image:unset;\n}\n<\/style>\n<div id='av_section_2'  class='avia-section av-av_section-b65eed151f6a53e4fd7b9b1c75020f26 main_color avia-section-default avia-no-border-styling  avia-builder-el-5  el_after_av_section  avia-builder-el-last  avia-bg-style-scroll container_wrap fullsize'  ><div class='container av-section-cont-open' ><div class='template-page content  av-content-full alpha units'><div class='post-entry post-entry-type-page post-entry-8532'><div class='entry-content-wrapper clearfix'>\n<div  class='flex_column av-av_one_full-fcc54ba6e1056dfba2660000655d0540 av_one_full  avia-builder-el-6  avia-builder-el-no-sibling  first flex_column_div  '     ><\/div><\/p>\n","protected":false},"excerpt":{"rendered":"","protected":false},"author":1,"featured_media":0,"parent":8508,"menu_order":0,"comment_status":"closed","ping_status":"closed","template":"","meta":{"_monsterinsights_skip_tracking":false,"_monsterinsights_sitenote_active":false,"_monsterinsights_sitenote_note":"","_monsterinsights_sitenote_category":0,"footnotes":""},"class_list":["post-8532","page","type-page","status-publish","hentry"],"yoast_head":"<!-- This site is optimized with the Yoast SEO Premium plugin v27.1 (Yoast SEO v27.1.1) - https:\/\/yoast.com\/product\/yoast-seo-premium-wordpress\/ -->\n<title>Sisteme de umbrire verand\u0103 - Berdo Alutechnic<\/title>\n<meta name=\"robots\" content=\"index, follow, max-snippet:-1, max-image-preview:large, max-video-preview:-1\" \/>\n<link rel=\"canonical\" href=\"https:\/\/berdoalutechnic.hu\/ro\/produse-finite\/produse\/sisteme-de-umbrire-exterioare\/sisteme-de-umbrire-veranda\/\" \/>\n<meta property=\"og:locale\" content=\"ro_RO\" \/>\n<meta property=\"og:type\" content=\"article\" \/>\n<meta property=\"og:title\" content=\"Sisteme de umbrire verand\u0103\" \/>\n<meta property=\"og:url\" content=\"https:\/\/berdoalutechnic.hu\/ro\/produse-finite\/produse\/sisteme-de-umbrire-exterioare\/sisteme-de-umbrire-veranda\/\" \/>\n<meta property=\"og:site_name\" content=\"Berdo Alutechnic\" \/>\n<meta property=\"article:modified_time\" content=\"2024-08-03T14:17:16+00:00\" \/>\n<meta name=\"twitter:card\" content=\"summary_large_image\" \/>\n<meta name=\"twitter:label1\" content=\"Timp estimat pentru citire\" \/>\n\t<meta name=\"twitter:data1\" content=\"2 minute\" \/>\n<script type=\"application\/ld+json\" class=\"yoast-schema-graph\">{\"@context\":\"https:\/\/schema.org\",\"@graph\":[{\"@type\":\"WebPage\",\"@id\":\"https:\/\/berdoalutechnic.hu\/ro\/produse-finite\/produse\/sisteme-de-umbrire-exterioare\/sisteme-de-umbrire-veranda\/\",\"url\":\"https:\/\/berdoalutechnic.hu\/ro\/produse-finite\/produse\/sisteme-de-umbrire-exterioare\/sisteme-de-umbrire-veranda\/\",\"name\":\"Sisteme de umbrire verand\u0103 - Berdo Alutechnic\",\"isPartOf\":{\"@id\":\"https:\/\/berdoalutechnic.hu\/#website\"},\"datePublished\":\"2023-11-04T09:16:55+00:00\",\"dateModified\":\"2024-08-03T14:17:16+00:00\",\"breadcrumb\":{\"@id\":\"https:\/\/berdoalutechnic.hu\/ro\/produse-finite\/produse\/sisteme-de-umbrire-exterioare\/sisteme-de-umbrire-veranda\/#breadcrumb\"},\"inLanguage\":\"ro-RO\",\"potentialAction\":[{\"@type\":\"ReadAction\",\"target\":[\"https:\/\/berdoalutechnic.hu\/ro\/produse-finite\/produse\/sisteme-de-umbrire-exterioare\/sisteme-de-umbrire-veranda\/\"]}]},{\"@type\":\"BreadcrumbList\",\"@id\":\"https:\/\/berdoalutechnic.hu\/ro\/produse-finite\/produse\/sisteme-de-umbrire-exterioare\/sisteme-de-umbrire-veranda\/#breadcrumb\",\"itemListElement\":[{\"@type\":\"ListItem\",\"position\":1,\"name\":\"Kezd\u0151lap\",\"item\":\"https:\/\/berdoalutechnic.hu\/ro\/pagina-principala\/\"},{\"@type\":\"ListItem\",\"position\":2,\"name\":\"Produse finite\",\"item\":\"https:\/\/berdoalutechnic.hu\/ro\/produse-finite\/\"},{\"@type\":\"ListItem\",\"position\":3,\"name\":\"Produse\",\"item\":\"https:\/\/berdoalutechnic.hu\/ro\/produse-finite\/produse\/\"},{\"@type\":\"ListItem\",\"position\":4,\"name\":\"Sisteme de umbrire exterioare\",\"item\":\"https:\/\/berdoalutechnic.hu\/ro\/produse-finite\/produse\/sisteme-de-umbrire-exterioare\/\"},{\"@type\":\"ListItem\",\"position\":5,\"name\":\"Sisteme de umbrire verand\u0103\"}]},{\"@type\":\"WebSite\",\"@id\":\"https:\/\/berdoalutechnic.hu\/#website\",\"url\":\"https:\/\/berdoalutechnic.hu\/\",\"name\":\"Berdo Alutechnic\",\"description\":\"\",\"publisher\":{\"@id\":\"https:\/\/berdoalutechnic.hu\/#organization\"},\"potentialAction\":[{\"@type\":\"SearchAction\",\"target\":{\"@type\":\"EntryPoint\",\"urlTemplate\":\"https:\/\/berdoalutechnic.hu\/?s={search_term_string}\"},\"query-input\":{\"@type\":\"PropertyValueSpecification\",\"valueRequired\":true,\"valueName\":\"search_term_string\"}}],\"inLanguage\":\"ro-RO\"},{\"@type\":\"Organization\",\"@id\":\"https:\/\/berdoalutechnic.hu\/#organization\",\"name\":\"Berdo Alutechnic\",\"url\":\"https:\/\/berdoalutechnic.hu\/\",\"logo\":{\"@type\":\"ImageObject\",\"inLanguage\":\"ro-RO\",\"@id\":\"https:\/\/berdoalutechnic.hu\/#\/schema\/logo\/image\/\",\"url\":\"https:\/\/berdoalutechnic.hu\/wp-content\/uploads\/BALogo_email_tiny.png\",\"contentUrl\":\"https:\/\/berdoalutechnic.hu\/wp-content\/uploads\/BALogo_email_tiny.png\",\"width\":338,\"height\":167,\"caption\":\"Berdo Alutechnic\"},\"image\":{\"@id\":\"https:\/\/berdoalutechnic.hu\/#\/schema\/logo\/image\/\"}}]}<\/script>\n<!-- \/ Yoast SEO Premium plugin. -->","yoast_head_json":{"title":"Sisteme de umbrire verand\u0103 - Berdo Alutechnic","robots":{"index":"index","follow":"follow","max-snippet":"max-snippet:-1","max-image-preview":"max-image-preview:large","max-video-preview":"max-video-preview:-1"},"canonical":"https:\/\/berdoalutechnic.hu\/ro\/produse-finite\/produse\/sisteme-de-umbrire-exterioare\/sisteme-de-umbrire-veranda\/","og_locale":"ro_RO","og_type":"article","og_title":"Sisteme de umbrire verand\u0103","og_url":"https:\/\/berdoalutechnic.hu\/ro\/produse-finite\/produse\/sisteme-de-umbrire-exterioare\/sisteme-de-umbrire-veranda\/","og_site_name":"Berdo Alutechnic","article_modified_time":"2024-08-03T14:17:16+00:00","twitter_card":"summary_large_image","twitter_misc":{"Timp estimat pentru citire":"2 minute"},"schema":{"@context":"https:\/\/schema.org","@graph":[{"@type":"WebPage","@id":"https:\/\/berdoalutechnic.hu\/ro\/produse-finite\/produse\/sisteme-de-umbrire-exterioare\/sisteme-de-umbrire-veranda\/","url":"https:\/\/berdoalutechnic.hu\/ro\/produse-finite\/produse\/sisteme-de-umbrire-exterioare\/sisteme-de-umbrire-veranda\/","name":"Sisteme de umbrire verand\u0103 - Berdo Alutechnic","isPartOf":{"@id":"https:\/\/berdoalutechnic.hu\/#website"},"datePublished":"2023-11-04T09:16:55+00:00","dateModified":"2024-08-03T14:17:16+00:00","breadcrumb":{"@id":"https:\/\/berdoalutechnic.hu\/ro\/produse-finite\/produse\/sisteme-de-umbrire-exterioare\/sisteme-de-umbrire-veranda\/#breadcrumb"},"inLanguage":"ro-RO","potentialAction":[{"@type":"ReadAction","target":["https:\/\/berdoalutechnic.hu\/ro\/produse-finite\/produse\/sisteme-de-umbrire-exterioare\/sisteme-de-umbrire-veranda\/"]}]},{"@type":"BreadcrumbList","@id":"https:\/\/berdoalutechnic.hu\/ro\/produse-finite\/produse\/sisteme-de-umbrire-exterioare\/sisteme-de-umbrire-veranda\/#breadcrumb","itemListElement":[{"@type":"ListItem","position":1,"name":"Kezd\u0151lap","item":"https:\/\/berdoalutechnic.hu\/ro\/pagina-principala\/"},{"@type":"ListItem","position":2,"name":"Produse finite","item":"https:\/\/berdoalutechnic.hu\/ro\/produse-finite\/"},{"@type":"ListItem","position":3,"name":"Produse","item":"https:\/\/berdoalutechnic.hu\/ro\/produse-finite\/produse\/"},{"@type":"ListItem","position":4,"name":"Sisteme de umbrire exterioare","item":"https:\/\/berdoalutechnic.hu\/ro\/produse-finite\/produse\/sisteme-de-umbrire-exterioare\/"},{"@type":"ListItem","position":5,"name":"Sisteme de umbrire verand\u0103"}]},{"@type":"WebSite","@id":"https:\/\/berdoalutechnic.hu\/#website","url":"https:\/\/berdoalutechnic.hu\/","name":"Berdo Alutechnic","description":"","publisher":{"@id":"https:\/\/berdoalutechnic.hu\/#organization"},"potentialAction":[{"@type":"SearchAction","target":{"@type":"EntryPoint","urlTemplate":"https:\/\/berdoalutechnic.hu\/?s={search_term_string}"},"query-input":{"@type":"PropertyValueSpecification","valueRequired":true,"valueName":"search_term_string"}}],"inLanguage":"ro-RO"},{"@type":"Organization","@id":"https:\/\/berdoalutechnic.hu\/#organization","name":"Berdo Alutechnic","url":"https:\/\/berdoalutechnic.hu\/","logo":{"@type":"ImageObject","inLanguage":"ro-RO","@id":"https:\/\/berdoalutechnic.hu\/#\/schema\/logo\/image\/","url":"https:\/\/berdoalutechnic.hu\/wp-content\/uploads\/BALogo_email_tiny.png","contentUrl":"https:\/\/berdoalutechnic.hu\/wp-content\/uploads\/BALogo_email_tiny.png","width":338,"height":167,"caption":"Berdo Alutechnic"},"image":{"@id":"https:\/\/berdoalutechnic.hu\/#\/schema\/logo\/image\/"}}]}},"_links":{"self":[{"href":"https:\/\/berdoalutechnic.hu\/ro\/wp-json\/wp\/v2\/pages\/8532","targetHints":{"allow":["GET"]}}],"collection":[{"href":"https:\/\/berdoalutechnic.hu\/ro\/wp-json\/wp\/v2\/pages"}],"about":[{"href":"https:\/\/berdoalutechnic.hu\/ro\/wp-json\/wp\/v2\/types\/page"}],"author":[{"embeddable":true,"href":"https:\/\/berdoalutechnic.hu\/ro\/wp-json\/wp\/v2\/users\/1"}],"replies":[{"embeddable":true,"href":"https:\/\/berdoalutechnic.hu\/ro\/wp-json\/wp\/v2\/comments?post=8532"}],"version-history":[{"count":3,"href":"https:\/\/berdoalutechnic.hu\/ro\/wp-json\/wp\/v2\/pages\/8532\/revisions"}],"predecessor-version":[{"id":8536,"href":"https:\/\/berdoalutechnic.hu\/ro\/wp-json\/wp\/v2\/pages\/8532\/revisions\/8536"}],"up":[{"embeddable":true,"href":"https:\/\/berdoalutechnic.hu\/ro\/wp-json\/wp\/v2\/pages\/8508"}],"wp:attachment":[{"href":"https:\/\/berdoalutechnic.hu\/ro\/wp-json\/wp\/v2\/media?parent=8532"}],"curies":[{"name":"wp","href":"https:\/\/api.w.org\/{rel}","templated":true}]}}